{"id":3600,"date":"2023-09-11T10:49:43","date_gmt":"2023-09-11T13:49:43","guid":{"rendered":"https:\/\/viajandocomtoledo.com.br\/loja\/?post_type=product&#038;p=3600"},"modified":"2025-12-08T13:15:21","modified_gmt":"2025-12-08T16:15:21","slug":"licor-veredas-sambuca-al-caffe-750ml","status":"publish","type":"product","link":"https:\/\/viajandocomtoledo.com.br\/loja\/produto\/licor-veredas-sambuca-al-caffe-750ml\/","title":{"rendered":"Licor Veredas Sambuca Al Caff\u00e8 750ml"},"content":{"rendered":"<p style=\"text-align: center;\">Um licor com a for\u00e7a e o sabor do caf\u00e9, com doses surpreendentes de energia. 1727 \u00e9 o \u00fanico e exclusivo licor de caf\u00e9 do Brasil, que tem no seu processo de produ\u00e7\u00e3o a utiliza\u00e7\u00e3o de g\u00e1s carb\u00f4nico, que extrai totalmente o aroma e sabor do melhor gr\u00e3o de caf\u00e9 de Minas Gerais. Perfeito para saborear a qualquer momento.<\/p>\n<h2 style=\"text-align: center;\"><b>CARACTER\u00cdSTICAS<\/b><\/h2>\n<ul>\n<li><em><strong>Regi\u00e3o:<\/strong>\u00a0Betim \/ Minas Gerais.<\/em><\/li>\n<li><em><strong>Ingredientes:<\/strong> Cacha\u00e7a, extrato alco\u00f3lico de caf\u00e9, a\u00e7\u00facar, aroma id\u00eantico ao natural de caf\u00e9 e \u00e1gua.<\/em><\/li>\n<li><em><strong>Aroma:<\/strong>\u00a0Natural de caf\u00e9.<\/em><\/li>\n<li><em><strong>Sabor:<\/strong>\u00a0Adocicado e bem marcante.<\/em><\/li>\n<li><em><strong>Gradua\u00e7\u00e3o alc\u00f3olica: <\/strong>25%\/vol.<\/em><\/li>\n<li><em><strong>Volume:<\/strong>\u00a0700mL.<\/em><\/li>\n<\/ul>\n<p>Aprecie com modera\u00e7\u00e3o! N\u00e3o compartilhe com menores de 18 anos.<\/p>\n<h2 style=\"text-align: center;\"><strong>SUGEST\u00c3O DE CONSUMO\u00a0<\/strong><\/h2>\n<p style=\"text-align: center;\">Experimente gelado.<\/p>\n<h2 style=\"text-align: center;\">SUA HIST\u00d3RIA<\/h2>\n<div>\n<p style=\"text-align: center;\">A paix\u00e3o pelo que faz e a incans\u00e1vel busca pela qualidade definem a t\u00f4nica idealizadora do Grupo Vale Verde. Em meados dos anos 80, seu fundador, Luiz Ot\u00e1vio P\u00f4ssas Gon\u00e7alves, conhecido empres\u00e1rio criador da cerveja Kaiser buscou na Europa t\u00e9cnicas para aprimorar a fermenta\u00e7\u00e3o e destila\u00e7\u00e3o, assimilando tecnologias usadas na fabrica\u00e7\u00e3o de u\u00edsques finos. Em 1985, nasce ent\u00e3o a Vale Verde.<\/p>\n<\/div>\n","protected":false},"excerpt":{"rendered":"<p style=\"text-align: center;\">Veredas Sambuca Al Caff\u00e8 \u00e9 uma varia\u00e7\u00e3o do cl\u00e1ssico licor de especiarias italiano enriquecido com caf\u00e9, equilibrando o sabor doce com as notas potentes do caf\u00e9. O resultado \u00e9 um licor mais robusto e arom\u00e1tico que evidencia o contraste entre o doce e o amargo, ideal para quem aprecia sabores marcantes e equilibrados.<\/p>\n<h2 style=\"text-align: center;\"><b>CARACTER\u00cdSTICAS<\/b><\/h2>\n<ul>\n<li><em><strong>Regi\u00e3o:<\/strong> Matozinhos \/ Minas Gerais.<\/em><\/li>\n<li><em><strong>Aroma:<\/strong> Caf\u00e9 intenso, anis adocicado, toque de cacau, especiarias sutis.<\/em><\/li>\n<li><em><strong>Sabor:<\/strong> Caf\u00e9 encorpado, anis adocicado, chocolate amargo.<\/em><\/li>\n<li><em><strong>Gradua\u00e7\u00e3o alc\u00f3olica: <\/strong>40%\/vol.<\/em><\/li>\n<li><em><strong>Volume:<\/strong> 750mL.<\/em><\/li>\n<\/ul>\n<p>Aprecie com modera\u00e7\u00e3o! N\u00e3o compartilhe com menores de 18 anos.<\/p>\n<h2 style=\"text-align: center;\"><strong>SUGEST\u00c3O DE CONSUMO\u00a0<\/strong><\/h2>\n<p style=\"text-align: center;\">Experimente gelado.<\/p>\n","protected":false},"featured_media":3601,"comment_status":"closed","ping_status":"closed","template":"","meta":{"_acf_changed":false,"_monsterinsights_skip_tracking":false,"_monsterinsights_sitenote_active":false,"_monsterinsights_sitenote_note":"","_monsterinsights_sitenote_category":0},"product_cat":[46,63,49],"product_tag":[],"class_list":{"0":"post-3600","1":"product","2":"type-product","3":"status-publish","4":"has-post-thumbnail","6":"product_cat-bebidas","7":"product_cat-central","8":"product_cat-destaque","9":"product_shipping_class-produtos-diversos","11":"first","12":"instock","13":"taxable","14":"shipping-taxable","15":"purchasable","16":"product-type-simple"},"acf":[],"aioseo_notices":[],"yoast_head":"<!-- This site is optimized with the Yoast SEO plugin v25.8 - https:\/\/yoast.com\/wordpress\/plugins\/seo\/ -->\n<title>Licor Veredas Sambuca Al Caff\u00e8 750ml - Loja Viajando com Toledo<\/title>\n<meta name=\"description\" content=\"Licor de Caf\u00e9 - Feito em Minas Gerais - Envio imediato para todo o Brasil - Parcele em at\u00e9 3x sem juros\" \/>\n<meta name=\"robots\" content=\"index, follow, max-snippet:-1, max-image-preview:large, max-video-preview:-1\" \/>\n<link rel=\"canonical\" href=\"https:\/\/viajandocomtoledo.com.br\/loja\/produto\/licor-veredas-sambuca-al-caffe-750ml\/\" \/>\n<meta property=\"og:locale\" content=\"pt_BR\" \/>\n<meta property=\"og:type\" content=\"article\" \/>\n<meta property=\"og:title\" content=\"Licor Veredas Sambuca Al Caff\u00e8 750ml - Loja Viajando com Toledo\" \/>\n<meta property=\"og:description\" content=\"Licor de Caf\u00e9 - Feito em Minas Gerais - Envio imediato para todo o Brasil - Parcele em at\u00e9 3x sem juros\" \/>\n<meta property=\"og:url\" content=\"https:\/\/viajandocomtoledo.com.br\/loja\/produto\/licor-veredas-sambuca-al-caffe-750ml\/\" \/>\n<meta property=\"og:site_name\" content=\"Loja Viajando com Toledo\" \/>\n<meta property=\"article:publisher\" content=\"https:\/\/web.facebook.com\/viajandocomtoledo\" \/>\n<meta property=\"article:modified_time\" content=\"2025-12-08T16:15:21+00:00\" \/>\n<meta property=\"og:image\" content=\"https:\/\/viajandocomtoledo.com.br\/loja\/wp-content\/uploads\/2023\/09\/Design-sem-nome-2-1.png\" \/>\n\t<meta property=\"og:image:width\" content=\"1080\" \/>\n\t<meta property=\"og:image:height\" content=\"1080\" \/>\n\t<meta property=\"og:image:type\" content=\"image\/png\" \/>\n<meta name=\"twitter:card\" content=\"summary_large_image\" \/>\n<meta name=\"twitter:label1\" content=\"Est. tempo de leitura\" \/>\n\t<meta name=\"twitter:data1\" content=\"2 minutos\" \/>\n<script type=\"application\/ld+json\" class=\"yoast-schema-graph\">{\"@context\":\"https:\/\/schema.org\",\"@graph\":[{\"@type\":\"WebPage\",\"@id\":\"https:\/\/viajandocomtoledo.com.br\/loja\/produto\/licor-veredas-sambuca-al-caffe-750ml\/\",\"url\":\"https:\/\/viajandocomtoledo.com.br\/loja\/produto\/licor-veredas-sambuca-al-caffe-750ml\/\",\"name\":\"Licor Veredas Sambuca Al Caff\u00e8 750ml - Loja Viajando com Toledo\",\"isPartOf\":{\"@id\":\"https:\/\/viajandocomtoledo.com.br\/loja\/#website\"},\"primaryImageOfPage\":{\"@id\":\"https:\/\/viajandocomtoledo.com.br\/loja\/produto\/licor-veredas-sambuca-al-caffe-750ml\/#primaryimage\"},\"image\":{\"@id\":\"https:\/\/viajandocomtoledo.com.br\/loja\/produto\/licor-veredas-sambuca-al-caffe-750ml\/#primaryimage\"},\"thumbnailUrl\":\"https:\/\/viajandocomtoledo.com.br\/loja\/wp-content\/uploads\/2023\/09\/Design-sem-nome-2-1.png\",\"datePublished\":\"2023-09-11T13:49:43+00:00\",\"dateModified\":\"2025-12-08T16:15:21+00:00\",\"description\":\"Licor de Caf\u00e9 - Feito em Minas Gerais - Envio imediato para todo o Brasil - Parcele em at\u00e9 3x sem juros\",\"breadcrumb\":{\"@id\":\"https:\/\/viajandocomtoledo.com.br\/loja\/produto\/licor-veredas-sambuca-al-caffe-750ml\/#breadcrumb\"},\"inLanguage\":\"pt-BR\",\"potentialAction\":[{\"@type\":\"ReadAction\",\"target\":[\"https:\/\/viajandocomtoledo.com.br\/loja\/produto\/licor-veredas-sambuca-al-caffe-750ml\/\"]}]},{\"@type\":\"ImageObject\",\"inLanguage\":\"pt-BR\",\"@id\":\"https:\/\/viajandocomtoledo.com.br\/loja\/produto\/licor-veredas-sambuca-al-caffe-750ml\/#primaryimage\",\"url\":\"https:\/\/viajandocomtoledo.com.br\/loja\/wp-content\/uploads\/2023\/09\/Design-sem-nome-2-1.png\",\"contentUrl\":\"https:\/\/viajandocomtoledo.com.br\/loja\/wp-content\/uploads\/2023\/09\/Design-sem-nome-2-1.png\",\"width\":1080,\"height\":1080},{\"@type\":\"BreadcrumbList\",\"@id\":\"https:\/\/viajandocomtoledo.com.br\/loja\/produto\/licor-veredas-sambuca-al-caffe-750ml\/#breadcrumb\",\"itemListElement\":[{\"@type\":\"ListItem\",\"position\":1,\"name\":\"In\u00edcio\",\"item\":\"https:\/\/viajandocomtoledo.com.br\/loja\/\"},{\"@type\":\"ListItem\",\"position\":2,\"name\":\"Produtos\",\"item\":\"https:\/\/viajandocomtoledo.com.br\/loja\/\"},{\"@type\":\"ListItem\",\"position\":3,\"name\":\"Licor Veredas Sambuca Al Caff\u00e8 750ml\"}]},{\"@type\":\"WebSite\",\"@id\":\"https:\/\/viajandocomtoledo.com.br\/loja\/#website\",\"url\":\"https:\/\/viajandocomtoledo.com.br\/loja\/\",\"name\":\"Loja Viajando com Toledo\",\"description\":\"Loja do site - Viajando com Toledo\",\"publisher\":{\"@id\":\"https:\/\/viajandocomtoledo.com.br\/loja\/#organization\"},\"potentialAction\":[{\"@type\":\"SearchAction\",\"target\":{\"@type\":\"EntryPoint\",\"urlTemplate\":\"https:\/\/viajandocomtoledo.com.br\/loja\/?s={search_term_string}\"},\"query-input\":{\"@type\":\"PropertyValueSpecification\",\"valueRequired\":true,\"valueName\":\"search_term_string\"}}],\"inLanguage\":\"pt-BR\"},{\"@type\":\"Organization\",\"@id\":\"https:\/\/viajandocomtoledo.com.br\/loja\/#organization\",\"name\":\"Loja Viajando com Toledo\",\"url\":\"https:\/\/viajandocomtoledo.com.br\/loja\/\",\"logo\":{\"@type\":\"ImageObject\",\"inLanguage\":\"pt-BR\",\"@id\":\"https:\/\/viajandocomtoledo.com.br\/loja\/#\/schema\/logo\/image\/\",\"url\":\"https:\/\/viajandocomtoledo.com.br\/loja\/wp-content\/uploads\/2021\/07\/LOGO-VCT-e1626871875731.png\",\"contentUrl\":\"https:\/\/viajandocomtoledo.com.br\/loja\/wp-content\/uploads\/2021\/07\/LOGO-VCT-e1626871875731.png\",\"width\":100,\"height\":46,\"caption\":\"Loja Viajando com Toledo\"},\"image\":{\"@id\":\"https:\/\/viajandocomtoledo.com.br\/loja\/#\/schema\/logo\/image\/\"},\"sameAs\":[\"https:\/\/web.facebook.com\/viajandocomtoledo\",\"https:\/\/www.instagram.com\/viajandocomtoledo\/\"]}]}<\/script>\n<!-- \/ Yoast SEO plugin. -->","yoast_head_json":{"title":"Licor Veredas Sambuca Al Caff\u00e8 750ml - Loja Viajando com Toledo","description":"Licor de Caf\u00e9 - Feito em Minas Gerais - Envio imediato para todo o Brasil - Parcele em at\u00e9 3x sem juros","robots":{"index":"index","follow":"follow","max-snippet":"max-snippet:-1","max-image-preview":"max-image-preview:large","max-video-preview":"max-video-preview:-1"},"canonical":"https:\/\/viajandocomtoledo.com.br\/loja\/produto\/licor-veredas-sambuca-al-caffe-750ml\/","og_locale":"pt_BR","og_type":"article","og_title":"Licor Veredas Sambuca Al Caff\u00e8 750ml - Loja Viajando com Toledo","og_description":"Licor de Caf\u00e9 - Feito em Minas Gerais - Envio imediato para todo o Brasil - Parcele em at\u00e9 3x sem juros","og_url":"https:\/\/viajandocomtoledo.com.br\/loja\/produto\/licor-veredas-sambuca-al-caffe-750ml\/","og_site_name":"Loja Viajando com Toledo","article_publisher":"https:\/\/web.facebook.com\/viajandocomtoledo","article_modified_time":"2025-12-08T16:15:21+00:00","og_image":[{"width":1080,"height":1080,"url":"https:\/\/viajandocomtoledo.com.br\/loja\/wp-content\/uploads\/2023\/09\/Design-sem-nome-2-1.png","type":"image\/png"}],"twitter_card":"summary_large_image","twitter_misc":{"Est. tempo de leitura":"2 minutos"},"schema":{"@context":"https:\/\/schema.org","@graph":[{"@type":"WebPage","@id":"https:\/\/viajandocomtoledo.com.br\/loja\/produto\/licor-veredas-sambuca-al-caffe-750ml\/","url":"https:\/\/viajandocomtoledo.com.br\/loja\/produto\/licor-veredas-sambuca-al-caffe-750ml\/","name":"Licor Veredas Sambuca Al Caff\u00e8 750ml - Loja Viajando com Toledo","isPartOf":{"@id":"https:\/\/viajandocomtoledo.com.br\/loja\/#website"},"primaryImageOfPage":{"@id":"https:\/\/viajandocomtoledo.com.br\/loja\/produto\/licor-veredas-sambuca-al-caffe-750ml\/#primaryimage"},"image":{"@id":"https:\/\/viajandocomtoledo.com.br\/loja\/produto\/licor-veredas-sambuca-al-caffe-750ml\/#primaryimage"},"thumbnailUrl":"https:\/\/viajandocomtoledo.com.br\/loja\/wp-content\/uploads\/2023\/09\/Design-sem-nome-2-1.png","datePublished":"2023-09-11T13:49:43+00:00","dateModified":"2025-12-08T16:15:21+00:00","description":"Licor de Caf\u00e9 - Feito em Minas Gerais - Envio imediato para todo o Brasil - Parcele em at\u00e9 3x sem juros","breadcrumb":{"@id":"https:\/\/viajandocomtoledo.com.br\/loja\/produto\/licor-veredas-sambuca-al-caffe-750ml\/#breadcrumb"},"inLanguage":"pt-BR","potentialAction":[{"@type":"ReadAction","target":["https:\/\/viajandocomtoledo.com.br\/loja\/produto\/licor-veredas-sambuca-al-caffe-750ml\/"]}]},{"@type":"ImageObject","inLanguage":"pt-BR","@id":"https:\/\/viajandocomtoledo.com.br\/loja\/produto\/licor-veredas-sambuca-al-caffe-750ml\/#primaryimage","url":"https:\/\/viajandocomtoledo.com.br\/loja\/wp-content\/uploads\/2023\/09\/Design-sem-nome-2-1.png","contentUrl":"https:\/\/viajandocomtoledo.com.br\/loja\/wp-content\/uploads\/2023\/09\/Design-sem-nome-2-1.png","width":1080,"height":1080},{"@type":"BreadcrumbList","@id":"https:\/\/viajandocomtoledo.com.br\/loja\/produto\/licor-veredas-sambuca-al-caffe-750ml\/#breadcrumb","itemListElement":[{"@type":"ListItem","position":1,"name":"In\u00edcio","item":"https:\/\/viajandocomtoledo.com.br\/loja\/"},{"@type":"ListItem","position":2,"name":"Produtos","item":"https:\/\/viajandocomtoledo.com.br\/loja\/"},{"@type":"ListItem","position":3,"name":"Licor Veredas Sambuca Al Caff\u00e8 750ml"}]},{"@type":"WebSite","@id":"https:\/\/viajandocomtoledo.com.br\/loja\/#website","url":"https:\/\/viajandocomtoledo.com.br\/loja\/","name":"Loja Viajando com Toledo","description":"Loja do site - Viajando com Toledo","publisher":{"@id":"https:\/\/viajandocomtoledo.com.br\/loja\/#organization"},"potentialAction":[{"@type":"SearchAction","target":{"@type":"EntryPoint","urlTemplate":"https:\/\/viajandocomtoledo.com.br\/loja\/?s={search_term_string}"},"query-input":{"@type":"PropertyValueSpecification","valueRequired":true,"valueName":"search_term_string"}}],"inLanguage":"pt-BR"},{"@type":"Organization","@id":"https:\/\/viajandocomtoledo.com.br\/loja\/#organization","name":"Loja Viajando com Toledo","url":"https:\/\/viajandocomtoledo.com.br\/loja\/","logo":{"@type":"ImageObject","inLanguage":"pt-BR","@id":"https:\/\/viajandocomtoledo.com.br\/loja\/#\/schema\/logo\/image\/","url":"https:\/\/viajandocomtoledo.com.br\/loja\/wp-content\/uploads\/2021\/07\/LOGO-VCT-e1626871875731.png","contentUrl":"https:\/\/viajandocomtoledo.com.br\/loja\/wp-content\/uploads\/2021\/07\/LOGO-VCT-e1626871875731.png","width":100,"height":46,"caption":"Loja Viajando com Toledo"},"image":{"@id":"https:\/\/viajandocomtoledo.com.br\/loja\/#\/schema\/logo\/image\/"},"sameAs":["https:\/\/web.facebook.com\/viajandocomtoledo","https:\/\/www.instagram.com\/viajandocomtoledo\/"]}]}},"_links":{"self":[{"href":"https:\/\/viajandocomtoledo.com.br\/loja\/wp-json\/wp\/v2\/product\/3600","targetHints":{"allow":["GET"]}}],"collection":[{"href":"https:\/\/viajandocomtoledo.com.br\/loja\/wp-json\/wp\/v2\/product"}],"about":[{"href":"https:\/\/viajandocomtoledo.com.br\/loja\/wp-json\/wp\/v2\/types\/product"}],"replies":[{"embeddable":true,"href":"https:\/\/viajandocomtoledo.com.br\/loja\/wp-json\/wp\/v2\/comments?post=3600"}],"wp:featuredmedia":[{"embeddable":true,"href":"https:\/\/viajandocomtoledo.com.br\/loja\/wp-json\/wp\/v2\/media\/3601"}],"wp:attachment":[{"href":"https:\/\/viajandocomtoledo.com.br\/loja\/wp-json\/wp\/v2\/media?parent=3600"}],"wp:term":[{"taxonomy":"product_cat","embeddable":true,"href":"https:\/\/viajandocomtoledo.com.br\/loja\/wp-json\/wp\/v2\/product_cat?post=3600"},{"taxonomy":"product_tag","embeddable":true,"href":"https:\/\/viajandocomtoledo.com.br\/loja\/wp-json\/wp\/v2\/product_tag?post=3600"}],"curies":[{"name":"wp","href":"https:\/\/api.w.org\/{rel}","templated":true}]}}